{"id":105,"date":"2016-02-01T11:32:33","date_gmt":"2016-02-01T16:32:33","guid":{"rendered":"https:\/\/www.caubo.ca\/fr\/discover-caubo\/governance\/"},"modified":"2026-02-25T10:27:36","modified_gmt":"2026-02-25T15:27:36","slug":"governance","status":"publish","type":"page","link":"https:\/\/www.caubo.ca\/fr\/discover-caubo\/governance\/","title":{"rendered":"Gouvernance"},"content":{"rendered":"<p>L\u2019ACPAU est dirig\u00e9e par un conseil d\u2019administration compos\u00e9, d\u2019une part, de repr\u00e9sentants de chacune des quatre grandes r\u00e9gions du Canada (les provinces de l\u2019Atlantique, le Qu\u00e9bec, l\u2019Ontario et l\u2019Ouest canadien) et, d\u2019autre part, d\u2019un comit\u00e9 ex\u00e9cutif form\u00e9 des administrateurs de l\u2019Association. Les administrateurs sont \u00e9lus pour une p\u00e9riode de quatre ans et ne peuvent \u00eatre r\u00e9\u00e9lus qu\u2019une seule fois.<br \/>\n<!--\n\n\n<p style=\"text-align: center;\"><strong>Joignez-vous au conseil d'administration de l'ACPAU! <a href=\"https:\/\/www.caubo.ca\/fr\/?page_id=3256\">Lisez l'appel de candidatures<\/a> !<\/strong><\/p>\n\n\n--><\/p>\n<h1><strong>Comit\u00e9 ex\u00e9cutif 2025-2026<\/strong><\/h1>\n<table style=\"width: 90%;\" cellpadding=\"5\">\n<tbody>\n<tr>\n<td>\n<h2><strong><img loading=\"lazy\" decoding=\"async\" class=\"size-full wp-image-28132 alignleft\" src=\"https:\/\/www.caubo.ca\/wp-content\/uploads\/2022\/09\/Monica-Foster_Board2022.jpg\" alt=\"\" width=\"100\" height=\"125\" \/>MONICA FOSTER<\/strong><\/h2>\n<p>PR\u00c9SIDENTE DE L\u2019ACPAU<br \/>\n<a href=\"https:\/\/www.stfx.ca\/news\/stfx-appoints-monica-foster-vice-president-finance-administration\" target=\"_blank\" rel=\"noopener\">Vice-rectrice aux finances et \u00e0 l\u2019administration<\/a><br \/>\nSt. Francis Xavier University<\/td>\n<td>\n<h2><strong><img loading=\"lazy\" decoding=\"async\" class=\"size-full wp-image-23196 alignleft\" src=\"https:\/\/www.caubo.ca\/wp-content\/uploads\/2021\/11\/Todd-Gilchrist_Board2021_Website.jpg\" alt=\"\" width=\"100\" height=\"130\" \/>Todd Gilchrist<\/strong><\/h2>\n<p>VICE-PR\u00c9SIDENT DE L\u2019ACPAU<br \/>\n<a href=\"https:\/\/www.ualberta.ca\/university-services-finance\/about\/vice-president.html\" target=\"_blank\" rel=\"noopener\">Vice-pr\u00e9sident (Services universitaires et finances)<\/a><br \/>\nUniversity of Alberta<\/td>\n<\/tr>\n<tr>\n<td>\n<h2><strong><img loading=\"lazy\" decoding=\"async\" class=\"size-full wp-image-29679 alignleft\" src=\"https:\/\/www.caubo.ca\/wp-content\/uploads\/2023\/09\/Jacinda_Reitsma_Website2023.png\" alt=\"\" width=\"100\" height=\"125\" \/>JACINDA REITSMA<\/strong><\/h2>\n<p>SECR\u00c9TAIRE-TR\u00c9SORI\u00c8RE DE L\u2019ACPAU<br \/>\n<a href=\"https:\/\/uwaterloo.ca\/news\/jacinda-reitsma-named-vice-president\" target=\"_blank\" rel=\"noopener\">Vice-rectrice \u00e0 l\u2019administration et aux finances<\/a><br \/>\nUniversity of Waterloo<\/td>\n<td>\n<h2><strong><img loading=\"lazy\" decoding=\"async\" class=\"size-full wp-image-29675 alignleft\" src=\"https:\/\/www.caubo.ca\/wp-content\/uploads\/2023\/09\/Charles_Nadeau_website2023.jpg\" alt=\"\" width=\"100\" height=\"125\" \/>CHARLES NADEAU<\/strong><\/h2>\n<p>ADMINISTRATEUR NON-D\u00c9SIGN\u00c9 DE l\u2019ACPAU<br \/>\n<a href=\"https:\/\/reseau.uquebec.ca\/fr\/a-propos\/salle-de-presse\/communiques-de-presse\/nomination-de-charles-nadeau-a-la-vice-presidence-a-ladministration\" target=\"_blank\" rel=\"noopener noreferrer\">Vice-pr\u00e9sident \u00e0 l\u2019administration,<br \/>\naux finances et \u00e0 la transformation num\u00e9rique<\/a><br \/>\nUniversit\u00e9 du Qu\u00e9bec<\/td>\n<\/tr>\n<\/tbody>\n<\/table>\n<table style=\"width: 90%;\" cellpadding=\"5\">\n<tbody>\n<tr>\n<td>\n<h2><strong><img loading=\"lazy\" decoding=\"async\" class=\"size-full wp-image-29908 alignleft\" src=\"https:\/\/www.caubo.ca\/wp-content\/uploads\/2023\/10\/Nathalie_Laporte_Oct2023.jpg\" alt=\"\" width=\"100\" height=\"129\" \/>Nathalie Laporte<\/strong><\/h2>\n<p><a href=\"https:\/\/www.caubo.ca\/fr\/discover-caubo\/contact-us\/\" target=\"_blank\" rel=\"noopener\">Directrice g\u00e9n\u00e9rale<\/a><br \/>\nAssociation canadienne du personnel administratif universitaire<\/td>\n<\/tr>\n<\/tbody>\n<\/table>\n<h1><strong>Conseil d&#8217;administration 2025-2026<\/strong><\/h1>\n<table style=\"width: 90%;\" cellpadding=\"5\">\n<tbody>\n<tr>\n<td>\n<h2><strong><img loading=\"lazy\" decoding=\"async\" class=\"size-full wp-image-28132 alignleft\" src=\"https:\/\/www.caubo.ca\/wp-content\/uploads\/2022\/09\/Monica-Foster_Board2022.jpg\" alt=\"\" width=\"100\" height=\"125\" \/>MONICA FOSTER<\/strong><\/h2>\n<p>PR\u00c9SIDENTE DE L\u2019ACPAU<br \/>\n<a href=\"https:\/\/www.stfx.ca\/news\/stfx-appoints-monica-foster-vice-president-finance-administration\" target=\"_blank\" rel=\"noopener\">Vice-rectrice aux finances et \u00e0 l\u2019administration<\/a><br \/>\nSt. Francis Xavier University<\/td>\n<td>\n<h2><strong><img loading=\"lazy\" decoding=\"async\" class=\"size-full wp-image-23196 alignleft\" src=\"https:\/\/www.caubo.ca\/wp-content\/uploads\/2021\/11\/Todd-Gilchrist_Board2021_Website.jpg\" alt=\"\" width=\"100\" height=\"130\" \/>Todd Gilchrist<\/strong><\/h2>\n<p>VICE-PR\u00c9SIDENT DE L\u2019ACPAU<br \/>\n<a href=\"https:\/\/www.ualberta.ca\/university-services-finance\/about\/vice-president.html\" target=\"_blank\" rel=\"noopener\">Vice-pr\u00e9sident (Services universitaires et finances)<\/a><br \/>\nUniversity of Alberta<\/td>\n<\/tr>\n<tr>\n<td>\n<h2><strong><img loading=\"lazy\" decoding=\"async\" class=\"size-full wp-image-29679 alignleft\" src=\"https:\/\/www.caubo.ca\/wp-content\/uploads\/2023\/09\/Jacinda_Reitsma_Website2023.png\" alt=\"\" width=\"100\" height=\"125\" \/>JACINDA REITSMA<\/strong><\/h2>\n<p>SECR\u00c9TAIRE-TR\u00c9SORI\u00c8RE DE L\u2019ACPAU<br \/>\n<a href=\"https:\/\/uwaterloo.ca\/news\/jacinda-reitsma-named-vice-president\" target=\"_blank\" rel=\"noopener\">Vice-rectrice \u00e0 l\u2019administration et aux finances<\/a><br \/>\nUniversity of Waterloo<\/td>\n<td>\n<h2><strong><img loading=\"lazy\" decoding=\"async\" class=\"size-full wp-image-29675 alignleft\" src=\"https:\/\/www.caubo.ca\/wp-content\/uploads\/2023\/09\/Charles_Nadeau_website2023.jpg\" alt=\"\" width=\"100\" height=\"125\" \/>CHARLES NADEAU<\/strong><\/h2>\n<p>ADMINISTRATEUR NON-D\u00c9SIGN\u00c9 DE l\u2019ACPAU<br \/>\n<a href=\"https:\/\/reseau.uquebec.ca\/fr\/a-propos\/salle-de-presse\/communiques-de-presse\/nomination-de-charles-nadeau-a-la-vice-presidence-a-ladministration\" target=\"_blank\" rel=\"noopener noreferrer\">Vice-pr\u00e9sident \u00e0 l\u2019administration,<br \/>\naux finances et \u00e0 la transformation num\u00e9rique<\/a><br \/>\nUniversit\u00e9 du Qu\u00e9bec<\/td>\n<\/tr>\n<tr>\n<td>\n<h2><strong><img loading=\"lazy\" decoding=\"async\" class=\"size-full wp-image-30940 alignleft\" src=\"https:\/\/www.caubo.ca\/wp-content\/uploads\/2024\/04\/Bill-Best_Website2024.jpg\" alt=\"\" width=\"100\" height=\"125\" \/>William (Bill) Best<\/strong><\/h2>\n<p><a href=\"https:\/\/blogs.unb.ca\/newsroom\/2022\/11\/unb-welcomes-newest-vice-president.php\" target=\"_blank\" rel=\"noopener\">Vice-recteur \u00e0 l\u2019administration et aux finances<\/a><br \/>\nUniversity of New Brunswick<\/td>\n<td>\n<h2><strong><img loading=\"lazy\" decoding=\"async\" class=\"size-full wp-image-31250 alignleft\" src=\"https:\/\/www.caubo.ca\/wp-content\/uploads\/2024\/09\/Gabriel_Cormier_Website2024.jpg\" alt=\"\" width=\"100\" height=\"125\" \/>Gabriel Cormier<\/strong><\/h2>\n<p><a href=\"https:\/\/www.umoncton.ca\/gouvernance\/edd\" target=\"_blank\" rel=\"noopener\">Vice-recteur \u00e0 l&#8217;administration et aux ressources humaines<\/a><br \/>\nUniversit\u00e9 de Moncton<\/td>\n<\/tr>\n<tr>\n<td>\n<h2><strong><img loading=\"lazy\" decoding=\"async\" class=\"size-full wp-image-29683 alignleft\" src=\"https:\/\/www.caubo.ca\/wp-content\/uploads\/2023\/09\/Saher_Fazilat_Website2023.jpg\" alt=\"\" width=\"100\" height=\"125\" \/>SAHER FAZILAT<\/strong><\/h2>\n<p><a href=\"https:\/\/vpof.mcmaster.ca\/about-saher\/\" target=\"_blank\" rel=\"noopener noreferrer\">Vice-rectrice de la direction g\u00e9n\u00e9rale des<br \/>\nop\u00e9rations et des finances<\/a><br \/>\nMcMaster University<\/td>\n<td>\n<h2><strong><img loading=\"lazy\" decoding=\"async\" class=\"size-full wp-image-33209 alignleft\" src=\"https:\/\/www.caubo.ca\/wp-content\/uploads\/2025\/09\/Eric_Filteau_Borad2025_Website.jpg\" alt=\"\" width=\"100\" height=\"125\" \/>\u00c9ric Filteau<\/strong><\/h2>\n<p><a href=\"https:\/\/www.umontreal.ca\/equipe-de-direction\/eric-filteau\/\" target=\"_blank\" rel=\"noopener\">Vice-recteur \u00e0 l&#8217;administration et aux finances<\/a><br \/>\nUniversit\u00e9 de Montr\u00e9al<\/td>\n<\/tr>\n<tr>\n<td>\n<h2><strong><img loading=\"lazy\" decoding=\"async\" class=\"size-full wp-image-29677 alignleft\" src=\"https:\/\/www.caubo.ca\/wp-content\/uploads\/2023\/09\/Greg_Fowler_Website2023.jpg\" alt=\"\" width=\"100\" height=\"125\" \/>GREG FOWLER<\/strong><\/h2>\n<p><a href=\"https:\/\/leadership.usask.ca\/administration\/index.php\" target=\"_blank\" rel=\"noopener\">Vice-pr\u00e9sident \u00e0 l\u2019administration et directeur de l\u2019exploitation<\/a><br \/>\nUniversity of Saskatchewan<\/td>\n<td>\n<h2><strong><img loading=\"lazy\" decoding=\"async\" class=\"size-full wp-image-31254 alignleft\" src=\"https:\/\/www.caubo.ca\/wp-content\/uploads\/2024\/09\/Renee_Hacquard_Website2024.jpg\" alt=\"\" width=\"100\" height=\"125\" \/>Renee Hacquard<\/strong><\/h2>\n<p><a href=\"https:\/\/www.nipissingu.ca\/departments\/vpfa\/contact-us\" target=\"_blank\" rel=\"noopener\">Vice-rectrice aux finances et \u00e0 l\u2019administration<\/a><br \/>\nNipissing University<\/td>\n<\/tr>\n<tr>\n<td>\n<h2><strong><img loading=\"lazy\" decoding=\"async\" class=\"size-full wp-image-33207 alignleft\" src=\"https:\/\/www.caubo.ca\/wp-content\/uploads\/2025\/09\/Frank_Laezza_Board2025_Website.jpg\" alt=\"\" width=\"100\" height=\"125\" \/>Frank Laezza<\/strong><\/h2>\n<p><a href=\"https:\/\/vpfo.ubc.ca\/team\/frank-laezza\/\" target=\"_blank\" rel=\"noopener\">Vice-recteur aux finances et aux op\u00e9rations<\/a><br \/>\nThe University of British Columbia<\/td>\n<td>\n<h2><strong><img loading=\"lazy\" decoding=\"async\" class=\"size-full wp-image-29908 alignleft\" src=\"https:\/\/www.caubo.ca\/wp-content\/uploads\/2023\/10\/Nathalie_Laporte_Oct2023.jpg\" alt=\"\" width=\"100\" height=\"129\" \/>Nathalie Laporte<\/strong><\/h2>\n<p><a href=\"https:\/\/www.caubo.ca\/fr\/discover-caubo\/contact-us\/\" target=\"_blank\" rel=\"noopener\">Directrice g\u00e9n\u00e9rale<\/a><br \/>\nAssociation canadienne du personnel administratif universitaire<\/td>\n<\/tr>\n<tr>\n<td>\n<h2><strong><img loading=\"lazy\" decoding=\"async\" class=\"size-full wp-image-31252 alignleft\" src=\"https:\/\/www.caubo.ca\/wp-content\/uploads\/2024\/09\/Maureen_Lomas_Website2024.jpg\" alt=\"\" width=\"100\" height=\"125\" \/>Maureen Powers<\/strong><\/h2>\n<p><a href=\"https:\/\/www.macewan.ca\/about-macewan\/governance-leadership\/executive-leadership\/vice-president-finance-administration-cfo\/\" target=\"_blank\" rel=\"noopener noreferrer\">Vice-rectrice aux finances et \u00e0 l\u2019administration &amp;<br \/>\nChef de la direction financi\u00e8re<\/a><br \/>\nMacEwan University<\/td>\n<td>\n<h2><strong><img loading=\"lazy\" decoding=\"async\" class=\"size-full wp-image-28134 alignleft\" src=\"https:\/\/www.caubo.ca\/wp-content\/uploads\/2022\/09\/Daniel_Therrien_Board2022_Sep2022.jpg\" alt=\"\" width=\"100\" height=\"125\" \/>DANIEL THERRIEN<\/strong><\/h2>\n<p><a href=\"https:\/\/www.concordia.ca\/ucactualites\/central\/nouvelles\/2022\/03\/15\/daniel-therrien-devient-vice-recteur-adjoint-a-la-planification-integree-de-concordia.html\" target=\"_blank\" rel=\"noopener\">Vice-recteur adjoint, planification int\u00e9gr\u00e9e<\/a><br \/>\nUniversit\u00e9 Concordia<\/td>\n<\/tr>\n<\/tbody>\n<\/table>\n","protected":false},"excerpt":{"rendered":"<p>L\u2019ACPAU est dirig\u00e9e par un conseil d\u2019administration compos\u00e9, d\u2019une part, de repr\u00e9sentants de chacune des quatre grandes r\u00e9gions du Canada (les provinces de l\u2019Atlantique, le Qu\u00e9bec, l\u2019Ontario et l\u2019Ouest canadien) et, d\u2019autre part, d\u2019un comit\u00e9 ex\u00e9cutif form\u00e9 des administrateurs de l\u2019Association. Les administrateurs sont \u00e9lus pour une p\u00e9riode de quatre ans et ne peuvent \u00eatre &hellip; <a href=\"https:\/\/www.caubo.ca\/fr\/discover-caubo\/governance\/\" class=\"more-link\">Continue reading<span class=\"screen-reader-text\"> &#8220;Gouvernance&#8221;<\/span><\/a><\/p>\n","protected":false},"author":1,"featured_media":0,"parent":99,"menu_order":3,"comment_status":"closed","ping_status":"closed","template":"","meta":{"_acf_changed":false,"footnotes":""},"tags":[],"class_list":["post-105","page","type-page","status-publish","hentry"],"acf":[],"_links":{"self":[{"href":"https:\/\/www.caubo.ca\/fr\/wp-json\/wp\/v2\/pages\/105","targetHints":{"allow":["GET"]}}],"collection":[{"href":"https:\/\/www.caubo.ca\/fr\/wp-json\/wp\/v2\/pages"}],"about":[{"href":"https:\/\/www.caubo.ca\/fr\/wp-json\/wp\/v2\/types\/page"}],"author":[{"embeddable":true,"href":"https:\/\/www.caubo.ca\/fr\/wp-json\/wp\/v2\/users\/1"}],"replies":[{"embeddable":true,"href":"https:\/\/www.caubo.ca\/fr\/wp-json\/wp\/v2\/comments?post=105"}],"version-history":[{"count":0,"href":"https:\/\/www.caubo.ca\/fr\/wp-json\/wp\/v2\/pages\/105\/revisions"}],"up":[{"embeddable":true,"href":"https:\/\/www.caubo.ca\/fr\/wp-json\/wp\/v2\/pages\/99"}],"wp:attachment":[{"href":"https:\/\/www.caubo.ca\/fr\/wp-json\/wp\/v2\/media?parent=105"}],"wp:term":[{"taxonomy":"post_tag","embeddable":true,"href":"https:\/\/www.caubo.ca\/fr\/wp-json\/wp\/v2\/tags?post=105"}],"curies":[{"name":"wp","href":"https:\/\/api.w.org\/{rel}","templated":true}]}}