{"id":187,"date":"2016-02-01T17:46:29","date_gmt":"2016-02-01T22:46:29","guid":{"rendered":"https:\/\/www.caubo.ca\/fr\/knowledge-centre\/learningevents-and-education\/"},"modified":"2026-05-01T10:08:06","modified_gmt":"2026-05-01T14:08:06","slug":"learningevents","status":"publish","type":"page","link":"https:\/\/www.caubo.ca\/fr\/knowledge-centre\/learningevents\/","title":{"rendered":"Formations, \u00e9v\u00e9nements et perfectionnement professionnel"},"content":{"rendered":"<p>L&#8217;ACPAU offre \u00e0 ses membres un large \u00e9ventail d&#8217;activit\u00e9s de perfectionnement professionnel et de formation continue, notamment <a href=\"https:\/\/www.caubo.ca\/fr\/knowledge-centre\/learningevents\/annual-conference\/\" target=\"_blank\" rel=\"noopener noreferrer\">un congr\u00e8s annuel<\/a>, <a href=\"https:\/\/www.caubo.ca\/fr\/knowledge-centre\/learningevents\/online-education-courses\/\" target=\"_blank\" rel=\"noopener noreferrer\">formations en ligne<\/a>, la s\u00e9rie \u00ab <a href=\"https:\/\/www.caubo.ca\/fr\/knowledge-centre\/learningevents\/parlons-tendances\/\" target=\"_blank\" rel=\"noopener\">Parlons tendances<\/a> \u00bb, des <a href=\"https:\/\/www.caubo.ca\/fr\/knowledge-centre\/learningevents\/workshops\/\" target=\"_blank\" rel=\"noopener noreferrer\">ateliers <\/a>et des <a href=\"https:\/\/www.caubo.ca\/fr\/knowledge-centre\/learningevents\/webinars\/\" target=\"_blank\" rel=\"noopener noreferrer\">webinaires<\/a>. Nous offrons \u00e9galement en ligne la version int\u00e9grale de notre <a href=\"https:\/\/www.caubo.ca\/fr\/knowledge-centre\/learningevents-and-education\/guides\/\" target=\"_blank\" rel=\"noopener noreferrer\">Guide des communications en contexte universitaire<\/a>. <a href=\"https:\/\/www.caubo.ca\/fr\/knowledge-centre\/learningevents\/webinars\/#OnDemandWebinars\" target=\"_blank\" rel=\"noopener noreferrer\">Cliquez ici<\/a> pour consulter la liste des webinaires sur demande.<\/p>\n<h1><strong>\u00c9v\u00e9nements \u00e0 venir<\/strong><\/h1>\n<div id=\"squelch-taas-accordion-0\" class=\"squelch-taas-accordion squelch-taas-override\" data-active=\"\" data-disabled=\"false\" data-autoheight=\"false\" data-collapsible=\"true\"><h3 id=\"squelch-taas-header-0\"><a href=\"#squelch-taas-accordion-shortcode-content-AIWebinarSession3\" class=\"\">Webinaire GRATUIT : S\u00e9rie de webinaires sur l\u2019IA : S\u00e9ance 3 \u2013 Pr\u00e9parer votre \u00e9tablissement \u00e0 l\u2019IA : Culture, clart\u00e9 et processus - 6 mai 2026, de 13 h \u00e0 14 h 30 (HE)<\/a><\/h3><div id=\"squelch-taas-accordion-shortcode-content-AIWebinarSession3\" class=\"squelch-taas-accordion-shortcode-content squelch-taas-accordion-shortcode-content-0\">\n<p><i><b><strong><em>* Ce webinaire sera donn\u00e9 en anglais et s\u2019adresse exclusivement aux employ\u00e9s des universit\u00e9s et coll\u00e8ges canadiens.<\/em><\/strong><\/b><\/i><\/p>\n<p><strong><a href=\"https:\/\/www.caubo.ca\/fr\/knowledge-centre\/learningevents\/webinars\/webinaire-gratuit-serie-de-webinaires-sur-lia-seance-3-preparer-votre-etablissement-a-lia-culture-clarte-et-processus\/\" target=\"_blank\" rel=\"noopener\"><img loading=\"lazy\" decoding=\"async\" class=\"size-full wp-image-12950 alignright\" src=\"https:\/\/www.caubo.ca\/wp-content\/uploads\/2016\/02\/Register-Button-FR.png\" alt=\"\" width=\"200\" height=\"200\" srcset=\"https:\/\/www.caubo.ca\/wp-content\/uploads\/2016\/02\/Register-Button-FR.png 200w, https:\/\/www.caubo.ca\/wp-content\/uploads\/2016\/02\/Register-Button-FR-150x150.png 150w\" sizes=\"auto, (max-width: 200px) 85vw, 200px\" \/><\/a>Date et heure<\/strong> : Mercredi 6 mai 2026, de 13 h \u00e0 14 h 30 (HE)<\/p>\n<p>Bien plus qu\u2019un outil \u00e9mergent, l\u2019intelligence artificielle (IA) red\u00e9finit d\u00e9j\u00e0 la cr\u00e9ation du savoir, la prise de d\u00e9cisions et le fonctionnement des institutions.<\/p>\n<p>Alors que les \u00e9tablissements postsecondaires acc\u00e9l\u00e8rent leur exploration de l\u2019IA, plusieurs font le constat que les principaux obstacles ne sont pas technologiques, mais organisationnels. L\u2019efficacit\u00e9 de l\u2019IA repose sur la solidit\u00e9 des donn\u00e9es sous-jacentes, des cadres de gouvernance et des processus. Lorsque ceux-ci sont flous ou mal align\u00e9s, l\u2019IA peut amplifier les inefficacit\u00e9s plut\u00f4t que les r\u00e9soudre.<\/p>\n<p>Tirant parti des r\u00e9flexions pr\u00e9sent\u00e9es lors des deux premi\u00e8res s\u00e9ances, ce webinaire examine pourquoi les initiatives en IA n\u2019atteignent pas toujours leurs objectifs et ce que les \u00e9tablissements peuvent faire pour mieux se pr\u00e9parer \u00e0 une adoption significative et durable.<\/p>\n<p>En s\u2019appuyant sur les principes du Lean et de l\u2019am\u00e9lioration continue, la s\u00e9ance mettra en lumi\u00e8re l\u2019importance de comprendre le travail tel qu\u2019il se r\u00e9alise concr\u00e8tement, de mobiliser les personnes qui y sont directement impliqu\u00e9es et de renforcer la culture organisationnelle. Les participants d\u00e9couvriront comment l\u2019optimisation des processus et des modes de fonctionnement peut cr\u00e9er un environnement propice \u00e0 une utilisation efficace de l\u2019IA, afin qu\u2019elle g\u00e9n\u00e8re une r\u00e9elle valeur ajout\u00e9e.<\/p>\n<p><b><i><span lang=\"FR-CA\">Cette activit\u00e9 de perfectionnement professionnel peut vous valoir des cr\u00e9dits de formation aupr\u00e8s de programmes de certification et d&#8217;associations professionnelles dans votre domaine. Consultez <a href=\"https:\/\/www.caubo.ca\/fr\/knowledge-centre\/learningevents\/#AccreditationCredits\" target=\"_blank\" rel=\"noopener\">le site de l&#8217;ACPAU<\/a> pour plus de d\u00e9tails.<\/span><\/i><\/b><\/p>\n<p><strong>Pan\u00e9listes :<\/strong><\/p>\n\n<table id=\"tablepress-62\" class=\"tablepress tablepress-id-62\">\n<tbody>\n<tr class=\"row-1\">\n\t<td class=\"column-1\"><img loading=\"lazy\" decoding=\"async\" src=\"https:\/\/www.caubo.ca\/wp-content\/uploads\/2026\/04\/Libby-Duckworth_Webinar2026.jpg\" alt=\"\" width=\"100\" height=\"125\" class=\"alignnone size-full wp-image-35366\" \/><\/td><td class=\"column-2\"><strong>Libby Duckworth<br \/>\nAssoci\u00e9e<br \/>\nKPMG s.r.l.\/s.e.n.c.r.l.<\/strong><br \/>\n<br \/>\nLibby Duckworth est associ\u00e9e chez KPMG Canada et poss\u00e8de une solide exp\u00e9rience en mati\u00e8re de gouvernance, de gestion des risques et d\u2019efficacit\u00e9 op\u00e9rationnelle aupr\u00e8s des \u00e9tablissements d\u2019enseignement sup\u00e9rieur. Elle accompagne les cadres sup\u00e9rieurs et les conseils d\u2019administration dans la mise en \u0153uvre de strat\u00e9gies et d\u2019innovations pour aider les organisations \u00e0 r\u00e9aliser des changements r\u00e9alistes, efficaces et ma\u00eetris\u00e9s.<br \/>\n<br \/>\nForte de son riche parcours dans les services financiers, les services aux \u00e9tudiants, le logement et les services partag\u00e9s, M<sup>me<\/sup> Duckworth aide les \u00e9tablissements \u00e0 g\u00e9rer des dossiers complexes en toute confiance et de fa\u00e7on responsable et transparente. Elle leur permet de renforcer leurs processus d\u00e9cisionnels, de clarifier \u00e0 qui revient chaque r\u00f4le et de mettre en place les bons cadres de gouvernance et de contr\u00f4le pour les initiatives ax\u00e9es sur l\u2019am\u00e9lioration et le num\u00e9rique.<br \/>\n<br \/>\nDans un contexte o\u00f9 les \u00e9tablissements adoptent de plus en plus massivement les technologies et l\u2019intelligence artificielle, M<sup>me<\/sup> Duckworth soutient les dirigeants dans leur int\u00e9gration de ces changements : gestion des risques, ex\u00e9cution de contr\u00f4les, d\u00e9finition des r\u00f4les et gestion de l\u2019escalade. Son approche concr\u00e8te et pragmatique permet de mettre en place de nouvelles m\u00e9thodes de travail responsables; ainsi, les \u00e9tablissements am\u00e9liorent leurs r\u00e9sultats sans subir d\u2019instabilit\u00e9 ou courir de risques impr\u00e9vus.<\/td>\n<\/tr>\n<tr class=\"row-2\">\n\t<td class=\"column-1\"><img loading=\"lazy\" decoding=\"async\" src=\"https:\/\/www.caubo.ca\/wp-content\/uploads\/2026\/04\/Ray-Konecsni_Webinar2026.jpg\" alt=\"\" width=\"100\" height=\"125\" class=\"alignnone size-full wp-image-35368\" \/><\/td><td class=\"column-2\"><strong>Ray Konecsni<br \/>\nDirecteur des services \u00e0 la client\u00e8le, services d'information<br \/>\nUniversity of Regina<\/strong><br \/>\n<br \/>\nProfessionnel chevronn\u00e9, Ray Konecsni a une vaste expertise en prestation de services informatiques, en gestion de projets et en am\u00e9lioration des processus internes. Actuellement directeur du service \u00e0 la client\u00e8le pour la University of Regina, il chapeaute une gamme de services diversifi\u00e9s : soutien informatique; soutien d\u2019\u00e9v\u00e9nements et de technologies destin\u00e9es aux salles de cours; formation et assistance technologique; services d\u2019impression; mobilisation des utilisateurs finaux. M. Konecsni est ainsi amen\u00e9 \u00e0 se concentrer sur l\u2019optimisation des services, la gouvernance et l\u2019am\u00e9lioration continue dans le milieu complexe de l\u2019enseignement sup\u00e9rieur, o\u00f9 il travaille \u00e0 parfaire l\u2019efficacit\u00e9 op\u00e9rationnelle et l\u2019exp\u00e9rience de la client\u00e8le.<br \/>\n<br \/>\nLa passion de M. Konecsni pour l\u2019am\u00e9lioration continue des technologies de l\u2019information en enseignement sup\u00e9rieur l\u2019a amen\u00e9 \u00e0 si\u00e9ger au comit\u00e9 directeur de LeanHE Americas, \u00e0 diriger la section canadienne de LeanHE et \u00e0 contribuer au groupe d\u2019int\u00e9r\u00eat sp\u00e9cial sur l\u2019am\u00e9lioration continue et la gestion du changement du CDPIUC-CUCCIO. Depuis trois ans, il fait \u00e9galement partie du comit\u00e9 organisateur du Colloque canadien pour l\u2019am\u00e9lioration continue et la gestion du changement (CANCICM) afin d\u2019apporter sa contribution \u00e0 ce forum national d\u00e9di\u00e9 \u00e0 la collaboration, au partage de connaissances et \u00e0 la mise en place concr\u00e8te de pratiques d\u2019am\u00e9lioration continue au sein des \u00e9tablissements canadiens.<br \/>\n<br \/>\nAvant de se joindre \u00e0 l\u2019\u00e9quipe de la University of Regina, M. Konecsni a occup\u00e9 des postes de haut niveau dans le secteur des services de registre provinciaux ainsi que dans le secteur canadien de l\u2019assurance vie, notamment pour les compagnies Canada Vie et Crown Life. Il a pilot\u00e9 des initiatives d\u2019externalisation et de consolidation des activit\u00e9s, en plus de superviser des services d\u2019imprimerie et de distribution, l\u2019exploitation de centres de donn\u00e9es et l\u2019approvisionnement organisationnel, autant de domaines dans lesquels il a su optimiser l\u2019efficacit\u00e9 op\u00e9rationnelle. Son leadership et son approche centr\u00e9e sur le client lui ont valu maintes distinctions, dont le prix Salute to Excellence de Crown Life pour son service \u00e0 la client\u00e8le exceptionnel.<\/td>\n<\/tr>\n<tr class=\"row-3\">\n\t<td class=\"column-1\"><img loading=\"lazy\" decoding=\"async\" src=\"https:\/\/www.caubo.ca\/wp-content\/uploads\/2026\/02\/Brad-Maclsaac_Webinar2026.jpg\" alt=\"\" width=\"100\" height=\"125\" class=\"alignnone size-full wp-image-35208\" \/><\/td><td class=\"column-2\"><strong>Brad MacIsaac<br \/>\nVice-recteur \u00e0 l\u2019administration<br \/>\nUniversit\u00e9 technologique de l\u2019Ontario<\/strong><br \/>\n<br \/>\nBrad MacIsaac est vice-recteur \u00e0 l\u2019administration \u00e0 l\u2019Universit\u00e9 technologique de l\u2019Ontario. Il est responsable de la supervision et de la reddition de comptes pour un large \u00e9ventail de services institutionnels, notamment les finances, les installations, les services auxiliaires et les technologies de l\u2019information. Avant d\u2019occuper ce poste, M. MacIsaac \u00e9tait vice-recteur adjoint \u00e0 la planification et \u00e0 l\u2019analyse depuis 2008, supervisant une p\u00e9riode de grande croissance. Il a entre autres aid\u00e9 \u00e0 \u00e9laborer le plan strat\u00e9gique de l\u2019universit\u00e9, l\u2019entente de mandat strat\u00e9gique et le plan conjoint d\u2019am\u00e9nagement du campus, lequel orientait la vision de l\u2019empreinte physique de l\u2019\u00e9tablissement.<\/td>\n<\/tr>\n<tr class=\"row-4\">\n\t<td class=\"column-1\"><img loading=\"lazy\" decoding=\"async\" src=\"https:\/\/www.caubo.ca\/wp-content\/uploads\/2026\/04\/Joanne-McKee_Webinar2026.jpg\" alt=\"\" width=\"100\" height=\"125\" class=\"alignnone size-full wp-image-35364\" \/><\/td><td class=\"column-2\"><strong>Joanne McKee<br \/>\nCheffe de la direction financi\u00e8re<br \/>\nToronto Metropolitan University<\/strong><br \/>\n<br \/>\nJoanne McKee est cheffe de la direction financi\u00e8re de la Toronto Metropolitan University. \u00c0 ce titre, elle rel\u00e8ve directement du recteur et supervise la division des services financiers. Elle joue un r\u00f4le cl\u00e9 dans l\u2019\u00e9quipe de cadres sup\u00e9rieurs et le comit\u00e9 de planification budg\u00e9taire. Elle met \u00e9galement son expertise strat\u00e9gique au service de la haute direction et de plusieurs comit\u00e9s du conseil d\u2019administration (finances, audit, placements et r\u00e9gimes de retraite).<br \/>\n<br \/>\nM<sup>me<\/sup> McKee dirige une formidable \u00e9quipe de services financiers, dont les plus de 75 membres collaborent efficacement pour assurer la satisfaction des clients. L\u2019\u00e9quipe supervise les fonctions, processus, politiques et contr\u00f4les financiers de l\u2019universit\u00e9 : comptabilit\u00e9 financi\u00e8re et pr\u00e9sentation de l\u2019information financi\u00e8re; audits externes; tr\u00e9sorerie, gestion de la dette et investissements; gestion des achats et de la cha\u00eene d\u2019approvisionnement; comptabilit\u00e9 et rapports li\u00e9s \u00e0 la recherche et aux projets sp\u00e9ciaux; administration du budget; services de consultation et de formation; syst\u00e8mes financiers; caisse de retraite; gestion des assurances.<br \/>\n<br \/>\nAvant de se joindre \u00e0 la Toronto Metropolitan University en 2015, M<sup>me<\/sup> McKee a occup\u00e9 plusieurs postes d\u2019importance : vice-rectrice adjointe aux ressources financi\u00e8res \u00e0 la Wilfrid Laurier University, vice-rectrice associ\u00e9e aux finances \u00e0 la Brock University, et directrice des services financiers au Niagara College. Titulaire d\u2019un baccalaur\u00e9at en administration des affaires du programme coop\u00e9ratif de comptabilit\u00e9 de la Brock University et d\u2019une ma\u00eetrise en administration des affaires de la Niagara University, elle porte les titres de comptable agr\u00e9\u00e9e (CA) et de comptable professionnelle agr\u00e9\u00e9e (CPA).<\/td>\n<\/tr>\n<tr class=\"row-5\">\n\t<td class=\"column-1\"><img loading=\"lazy\" decoding=\"async\" src=\"https:\/\/www.caubo.ca\/wp-content\/uploads\/2026\/04\/Brad-Strom_Webinar2026.jpg\" alt=\"\" width=\"100\" height=\"126\" class=\"alignnone size-full wp-image-35362\" \/><\/td><td class=\"column-2\"><strong>Brad Strom<br \/>\nDirigeant principal de l\u2019information<br \/>\nYork University<\/strong><br \/>\n<br \/>\nPoss\u00e9dant plus de 25 ans d\u2019exp\u00e9rience en s\u00e9curit\u00e9 et en TI au sein de divers secteurs, M. Strom est anim\u00e9 d\u2019une v\u00e9ritable passion lorsque vient le temps de nouer des partenariats efficaces, de former des \u00e9quipes performantes et, avec leur collaboration, d\u2019op\u00e9rer de r\u00e9els changements. Il a pilot\u00e9 d\u2019importantes transformations organisationnelles en implantant de nouveaux syst\u00e8mes num\u00e9riques dans des domaines comme les canaux de communication avec la client\u00e8le, les services bancaires num\u00e9riques et la modernisation de r\u00e9seaux. Son expertise s\u2019\u00e9tend aussi aux investissements dans la cybers\u00e9curit\u00e9 et la s\u00e9curit\u00e9 physique des infrastructures critiques et des milieux hautement r\u00e9glement\u00e9s. Il s\u2019est joint \u00e0 l\u2019\u00e9quipe de l\u2019Universit\u00e9 York apr\u00e8s avoir servi sept ans pour SaskPower en tant que vice-pr\u00e9sident et dirigeant principal de l\u2019information, des technologies et de la s\u00e9curit\u00e9. Avant d\u2019int\u00e9grer les rangs de cette soci\u00e9t\u00e9 d\u2019\u00c9tat, il avait occup\u00e9 le poste de vice-pr\u00e9sident du d\u00e9veloppement et des op\u00e9rations \u00e0 Financement agricole Canada.<br \/>\n<br \/>\nM. Strom d\u00e9tient un baccalaur\u00e9at en g\u00e9nie informatique de la Carleton University. Investi dans la communaut\u00e9, il pr\u00e9side actuellement le Conseil des dirigeants principaux de l\u2019information des universit\u00e9s ontariennes (OUCCIO) et si\u00e8ge au conseil d\u2019administration d\u2019ORION, le seul r\u00e9seau ontarien \u00e0 se consacrer \u00e0 la recherche et \u00e0 l\u2019\u00e9ducation pour diverses institutions de la province, notamment des universit\u00e9s, des coll\u00e8ges, des h\u00f4pitaux et des centres de recherche.<\/td>\n<\/tr>\n<\/tbody>\n<\/table>\n<!-- #tablepress-62 from cache -->\n<p><strong>Mod\u00e9rateur :<\/strong><\/p>\n\n<table id=\"tablepress-61\" class=\"tablepress tablepress-id-61\">\n<tbody>\n<tr class=\"row-1\">\n\t<td class=\"column-1\"><img loading=\"lazy\" decoding=\"async\" src=\"https:\/\/www.caubo.ca\/wp-content\/uploads\/2026\/04\/Channen-Tan_Webinar2026.jpg\" alt=\"\" width=\"100\" height=\"125\" class=\"alignnone size-full wp-image-35370\" \/><\/td><td class=\"column-2\"><strong>Channen Tan<br \/>\nAssoci\u00e9 et leader national de l\u2019approche Lean dans l\u2019audit<br \/>\nKPMG s.r.l.\/s.e.n.c.r.l.<\/strong><br \/>\n<br \/>\nChannen Tan est associ\u00e9 et leader national de l\u2019approche Lean dans l\u2019audit chez KPMG Canada. Sa m\u00e9thode vise avant tout \u00e0 am\u00e9liorer l\u2019efficacit\u00e9 des \u00e9tablissements d\u2019enseignement sup\u00e9rieur avant de recourir aux technologies et \u00e0 l\u2019IA. Il collabore avec les dirigeants des universit\u00e9s et leurs \u00e9quipes pour renforcer la culture de leur organisation, clarifier les responsabilit\u00e9s et concevoir des mod\u00e8les de fonctionnement reproductibles qui offrent des r\u00e9sultats durables.<br \/>\n<br \/>\nM. Tan a dirig\u00e9 des initiatives Lean et d\u2019am\u00e9lioration des processus dans divers domaines, dont les services financiers, les services aux \u00e9tudiants, le logement, l\u2019administration de la recherche et les services partag\u00e9s. Il travaille de mani\u00e8re \u00e0 r\u00e9soudre concr\u00e8tement les probl\u00e8mes en utilisant les donn\u00e9es disponibles pour prendre les meilleures d\u00e9cisions possibles. Favorisant l\u2019engagement de premi\u00e8re ligne, son approche r\u00e9duit la friction organisationnelle et am\u00e9liore autant l\u2019exp\u00e9rience de travail que la qualit\u00e9 des r\u00e9sultats.<br \/>\n<br \/>\nM. Tan a r\u00e9cemment commenc\u00e9 \u00e0 accompagner les \u00e9tablissements dans leur int\u00e9gration de l\u2019IA en les aidant \u00e0 \u00e9tablir des bases solides en la mati\u00e8re. L\u2019approche Lean permet de d\u00e9finir les probl\u00e8mes et de stabiliser les processus afin de cr\u00e9er des conditions optimales qui permettent d\u2019utiliser l\u2019IA pour acc\u00e9l\u00e9rer la prise de d\u00e9cisions et la mise en action. Selon lui, la technologie favorise l\u2019am\u00e9lioration, mais ce sont la culture et la clart\u00e9 des processus qui sont les vraies cl\u00e9s du succ\u00e8s.<\/td>\n<\/tr>\n<\/tbody>\n<\/table>\n<!-- #tablepress-61 from cache -->\n<\/div>\n<h3 id=\"squelch-taas-header-1\"><a href=\"#squelch-taas-accordion-shortcode-content-RethinkingHR\" class=\"\">Webinaire GRATUIT : Repenser l'avenir des RH dans l'enseignement sup\u00e9rieur : Partie 3 \u2013 R\u00e9flexions sur la r\u00e9mun\u00e9ration et l\u2019innovation en mati\u00e8re d'IA - 19 mai 2026, de 13 h \u00e0 14 h 30 (HE)<\/a><\/h3><div id=\"squelch-taas-accordion-shortcode-content-RethinkingHR\" class=\"squelch-taas-accordion-shortcode-content squelch-taas-accordion-shortcode-content-1\">\n<p><i><b><strong><em>* Veuillez noter que cette s\u00e9ance se d\u00e9roulera en anglais uniquement. <\/em><\/strong><\/b><\/i><\/p>\n<p><strong><a href=\"https:\/\/www.caubo.ca\/fr\/knowledge-centre\/learningevents\/webinars\/webinaire-gratuit-repenser-lavenir-des-rh-dans-lenseignement-superieur-partie-3-reflexions-sur-la-remuneration-et-linnovation-en-matiere-dia\/\" target=\"_blank\" rel=\"noopener\"><img loading=\"lazy\" decoding=\"async\" class=\"size-full wp-image-12950 alignright\" src=\"https:\/\/www.caubo.ca\/wp-content\/uploads\/2016\/02\/Register-Button-FR.png\" alt=\"\" width=\"200\" height=\"200\" srcset=\"https:\/\/www.caubo.ca\/wp-content\/uploads\/2016\/02\/Register-Button-FR.png 200w, https:\/\/www.caubo.ca\/wp-content\/uploads\/2016\/02\/Register-Button-FR-150x150.png 150w\" sizes=\"auto, (max-width: 200px) 85vw, 200px\" \/><\/a>Date et heure<\/strong> : Mardi 19 mai 2026, de 13 h \u00e0 14 h 30 (HE)<\/p>\n<p>Ce webinaire portera sur les principaux r\u00e9sultats du r\u00e9cent sondage de Mercer sur les politiques et la r\u00e9mun\u00e9ration dans les \u00e9tablissements postsecondaires. Il y sera notamment question de r\u00e9mun\u00e9ration des dirigeants du corps professoral, des offres de r\u00e9mun\u00e9ration globale et de r\u00e9mun\u00e9ration ax\u00e9e sur le rendement. Tous ces \u00e9l\u00e9ments sont essentiels \u00e0 l&#8217;\u00e9laboration d&#8217;une proposition de valeur convaincante pour le personnel.<\/p>\n<p>Le webinaire s\u2019attardera aussi sur le pouvoir de transformation de l&#8217;IA et de l&#8217;automatisation, et mettra en lumi\u00e8re des exemples concrets de la mani\u00e8re dont ces technologies r\u00e9volutionnent la gestion du rendement et transforment les processus de RH. Ne manquez pas cette occasion de d\u00e9couvrir comment l&#8217;innovation pilot\u00e9e par l&#8217;IA cr\u00e9e de nouvelles possibilit\u00e9s en gestion des talents dans l&#8217;enseignement sup\u00e9rieur!<\/p>\n<p>Vous pourrez poser des questions et discuter du th\u00e8me du webinaire avec les pan\u00e9listes au cours de la p\u00e9riode de questions anim\u00e9e qui suivra la pr\u00e9sentation.<\/p>\n<p>Ce webinaire est r\u00e9serv\u00e9 aux personnes-ressources autoris\u00e9es des \u00e9tablissements membres des SANCP\/ ACPAU.<\/p>\n<p><b><i><span lang=\"FR-CA\">Cette activit\u00e9 de perfectionnement professionnel peut vous valoir des cr\u00e9dits de formation aupr\u00e8s de programmes de certification et d&#8217;associations professionnelles dans votre domaine. Consultez <a href=\"https:\/\/www.caubo.ca\/fr\/knowledge-centre\/learningevents\/#AccreditationCredits\" target=\"_blank\" rel=\"noopener\">le site de l&#8217;ACPAU<\/a> pour plus de d\u00e9tails.<\/span><\/i><\/b><\/p>\n<p><strong>Nos pan\u00e9listes :<\/strong><\/p>\n\n<table id=\"tablepress-66\" class=\"tablepress tablepress-id-66\">\n<tbody>\n<tr class=\"row-1\">\n\t<td class=\"column-1\"><img loading=\"lazy\" decoding=\"async\" src=\"https:\/\/www.caubo.ca\/wp-content\/uploads\/2024\/11\/Mohamad-Bizri_Webinar2024.png\" alt=\"\" width=\"100\" height=\"125\" class=\"alignnone size-full wp-image-31542\" \/><\/td><td class=\"column-2\"><strong>Mohamad Bizri<br \/>\nConseiller principal, Toronto<br \/>\nMercer<\/strong><br \/>\n<br \/>\nMohamad cumule plus de 12 ann\u00e9es d'exp\u00e9rience dans le domaine de la r\u00e9mun\u00e9ration et de la gestion des talents dans une vari\u00e9t\u00e9 d\u2019entreprises et de secteurs. Il collabore r\u00e9guli\u00e8rement avec des universit\u00e9s du Canada \u00e0 la conception et \u00e0 la mise en \u0153uvre de programmes de r\u00e9compenses.<\/td>\n<\/tr>\n<tr class=\"row-2\">\n\t<td class=\"column-1\"><img loading=\"lazy\" decoding=\"async\" src=\"https:\/\/www.caubo.ca\/wp-content\/uploads\/2024\/11\/Michael-Petrucco_Webinar2024.jpg\" alt=\"\" width=\"100\" height=\"125\" class=\"alignnone size-full wp-image-31540\" \/><\/td><td class=\"column-2\"><strong>Michael Petrucco<br \/>\nAssoci\u00e9, leader professionnel \u00e0 Toronto et responsable des relations clients<br \/>\nMercer<\/strong><br \/>\n<br \/>\nMichael est responsable de la division de consultation professionnelle chez Mercer \u00e0 Toronto. Depuis plus de 18 ans, il conseille des clients dans des domaines comme les r\u00e9compenses, les talents, la transformation des ressources humaines, les changements et les communications ou encore le passage au num\u00e9rique. Il supervise la prestation de services aupr\u00e8s de divers clients strat\u00e9giques, offrant un soutien qui arrime la strat\u00e9gie de gestion des talents des entreprises \u00e0 leurs objectifs op\u00e9rationnels.<br \/>\n<br \/>\nAu moyen d\u2019un programme de r\u00e9compenses, il met en place une proposition de valeur pour le personnel qui est attrayante et qui aide chaque entreprise \u00e0 atteindre ses objectifs de recrutement et de r\u00e9tention.<br \/>\n<br \/>\nDepuis 15 ans, M. Petrucco travaille avec des organisations dynamiques pour optimiser le potentiel de leur personnel tout en r\u00e9alisant des \u00e9conomies. Ses comp\u00e9tences sont vastes : gestion de r\u00e9gimes d\u2019avantages sociaux, participation strat\u00e9gique \u00e0 la gestion des RH, syst\u00e8mes de r\u00e9mun\u00e9ration g\u00e9n\u00e9raux ou bas\u00e9s sur les ventes, ententes de r\u00e9gimes de retraite.<br \/>\n<br \/>\nTitulaire d\u2019un baccalaur\u00e9at avec une majeure en \u00e9conomie, il d\u00e9tient \u00e9galement un certificat en gestion du marketing, le titre de conseiller en avantages sociaux collectifs, ainsi qu\u2019un permis de vente de produits d\u2019assurance vie.<br \/>\n<\/td>\n<\/tr>\n<tr class=\"row-3\">\n\t<td class=\"column-1\"><img loading=\"lazy\" decoding=\"async\" src=\"https:\/\/www.caubo.ca\/wp-content\/uploads\/2026\/04\/Jessica-Williamson_Webinar2026.png\" alt=\"\" width=\"100\" height=\"120\" class=\"alignnone size-full wp-image-35423\" \/><\/td><td class=\"column-2\"><strong>Jessica Williamson<br \/>\nConseill\u00e8re principale, Ottawa<br \/>\nMercer<\/strong><br \/>\n<br \/>\nJessica poss\u00e8de plus de 12 ann\u00e9es d\u2019exp\u00e9rience dans le domaine de la r\u00e9mun\u00e9ration et de la gestion des talents, en particulier dans le secteur public \u00e9largi. Elle a r\u00e9cemment r\u00e9int\u00e9gr\u00e9 Mercer apr\u00e8s avoir dirig\u00e9 une \u00e9quipe de r\u00e9mun\u00e9ration dans le secteur priv\u00e9. Jessica dirige notre segment secteur public canadien et a chapeaut\u00e9 notre nouveau sondage sur les \u00e9tablissements d\u2019enseignement postsecondaire au Canada.<br \/>\n<br \/>\n<\/td>\n<\/tr>\n<\/tbody>\n<\/table>\n<!-- #tablepress-66 from cache -->\n<p><strong>Animateur : <\/strong><\/p>\n\n<table id=\"tablepress-64\" class=\"tablepress tablepress-id-64\">\n<tbody>\n<tr class=\"row-1\">\n\t<td class=\"column-1\"><img loading=\"lazy\" decoding=\"async\" src=\"https:\/\/www.caubo.ca\/wp-content\/uploads\/2026\/04\/Geoff-Williams_Webinar2026.jpg\" alt=\"\" width=\"100\" height=\"125\" class=\"alignnone size-full wp-image-35421\" \/><\/td><td class=\"column-2\"><strong>Geoff Williams<br \/>\nRepr\u00e9sentant r\u00e9gional, Services d\u2019appui \u00e0 la n\u00e9gociation avec le corps professoral<br \/>\nSANCP\/ACPAU<\/strong><br \/>\n<br \/>\nGeoff Williams apporte aux SANCP une exp\u00e9rience diversifi\u00e9e en mati\u00e8re de ressources humaines et de relations de travail avec le personnel acad\u00e9mique. Auparavant, il exer\u00e7ait les fonctions de directeur des relations avec le corps professoral \u00e0 la Memorial University of Newfoundland. \u00c0 ce titre, il a dirig\u00e9 le processus de n\u00e9gociation collective avec les syndicats universitaires concern\u00e9s. Geoff Williams compte \u00e0 son actif plus de 30 ans d\u2019exp\u00e9rience dans le cadre d\u2019arbitrages de droits et de diff\u00e9rends o\u00f9 il repr\u00e9sente des employeurs. Il enseigne r\u00e9guli\u00e8rement, dans plusieurs domaines, \u00e0 la facult\u00e9 d\u2019administration des affaires de la Memorial University of Newfoundland : relations de travail, administration des conventions collectives, arbitrage, n\u00e9gociation collective.<\/td>\n<\/tr>\n<\/tbody>\n<\/table>\n<!-- #tablepress-64 from cache -->\n<\/div>\n<h3 id=\"squelch-taas-header-2\"><a href=\"#squelch-taas-accordion-shortcode-content-CAUBO2026\" class=\"\">Les inscriptions au congr\u00e8s 2026 de l\u2019ACPAU sont ouvertes!<\/a><\/h3><div id=\"squelch-taas-accordion-shortcode-content-CAUBO2026\" class=\"squelch-taas-accordion-shortcode-content squelch-taas-accordion-shortcode-content-2\">\n<p><img loading=\"lazy\" decoding=\"async\" class=\"wp-image-33359 size-large aligncenter\" src=\"https:\/\/www.caubo.ca\/wp-content\/uploads\/2025\/10\/Mailchimp_2026-1024x232.jpg\" alt=\"\" width=\"1024\" height=\"232\" srcset=\"https:\/\/www.caubo.ca\/wp-content\/uploads\/2025\/10\/Mailchimp_2026-1024x232.jpg 1024w, https:\/\/www.caubo.ca\/wp-content\/uploads\/2025\/10\/Mailchimp_2026-300x68.jpg 300w, https:\/\/www.caubo.ca\/wp-content\/uploads\/2025\/10\/Mailchimp_2026-768x174.jpg 768w, https:\/\/www.caubo.ca\/wp-content\/uploads\/2025\/10\/Mailchimp_2026.jpg 1200w\" sizes=\"auto, (max-width: 709px) 85vw, (max-width: 909px) 67vw, (max-width: 1362px) 62vw, 840px\" \/><\/p>\n<h2 style=\"text-align: center;\">Soyez des n\u00f4tres \u00e0 St. John\u2019s, Terre-Neuve, pour le congr\u00e8s de l\u2019ACPAU!<\/h2>\n<p style=\"font-size: 22px; text-align: center;\"><a href=\"https:\/\/site.pheedloop.com\/event\/CAUBO2026\/home\" target=\"_blank\" rel=\"noopener\"><strong>Les inscriptions sont maintenant ouvertes!<\/strong><\/a><strong><br \/>\nLa p\u00e9riode d\u2019inscription h\u00e2tive se termine le 30\u00a0avril\u00a02026<\/strong><\/p>\n<p>Du <strong>15 au 17\u00a0juin\u00a02026<\/strong>, rejoignez vos coll\u00e8gues de partout au pays \u00e0 l\u2019occasion du congr\u00e8s\u00a02026 de l\u2019ACPAU, qui aura lieu dans la magnifique ville de St.\u00a0John\u2019s, \u00e0 Terre-Neuve!<\/p>\n<p>Ce sera l\u2019occasion de rencontrer des coll\u00e8gues de partout au pays, d\u2019apprendre aupr\u00e8s de conf\u00e9renciers exceptionnels, de choisir parmi plusieurs s\u00e9ances abordant les questions de l\u2019heure et de nouer des liens forts avec vos pairs et les partenaires du secteur. Que vous ayez des casse-t\u00eates \u00e0 r\u00e9soudre, d\u00e9siriez comparer des pratiques exemplaires ou souhaitiez ouvrir vos perspectives, vous trouverez de quoi vous contenter.<\/p>\n<p>St.\u00a0John\u2019s est l\u2019une des plus anciennes villes d\u2019Am\u00e9rique du Nord. Elle est fi\u00e8re de son histoire, certes, mais c\u2019est surtout sa personnalit\u00e9 dynamique qui la distingue. Des maisons en rang\u00e9e color\u00e9es aux habitants pleins d\u2019entrain, chaque parcelle de la ville brille par son caract\u00e8re et son charme. Situ\u00e9e \u00e0 la fronti\u00e8re la plus \u00e0 l\u2019est du continent, St.\u00a0John\u2019s vous donne l\u2019occasion d\u2019admirer des c\u00f4tes \u00e9poustouflantes, de visiter des monuments c\u00e9l\u00e8bres et de parcourir une ville aussi curieuse que captivante. Ville impr\u00e9gn\u00e9e de traditions et stimul\u00e9e par la cr\u00e9ativit\u00e9, elle est le centre culturel de Terre-Neuve-et-Labrador. Un pass\u00e9 riche y c\u00f4toie un pr\u00e9sent prosp\u00e8re o\u00f9 se m\u00ealent musique, art, architecture et cuisine. Vous repartirez avec des souvenirs inoubliables, c\u2019est garanti! Depuis plus de 500\u00a0ans, les visiteurs se font accueillir avec cordialit\u00e9 et humour. Ne vous \u00e9tonnez pas si une conversation anodine se transforme en histoire l\u00e9gendaire. Apr\u00e8s tout, \u00e0 St. John\u2019s, l\u2019hospitalit\u00e9 est plus qu\u2019une coutume\u00a0: c\u2019est un art.<\/p>\n<p>Vous trouverez sur le <a href=\"https:\/\/site.pheedloop.com\/event\/CAUBO2026\/home\/\" target=\"_blank\" rel=\"noopener\">site Web du congr\u00e8s<\/a> le <a href=\"https:\/\/site.pheedloop.com\/event\/CAUBO2026\/programandevents\/schedule\" target=\"_blank\" rel=\"noopener\">programme complet<\/a> de l\u2019\u00e9v\u00e9nement, de l\u2019information sur les s\u00e9minaires sectoriels, des d\u00e9tails sur les <a href=\"https:\/\/site.pheedloop.com\/event\/CAUBO2026\/programandevents\/socialevents\" target=\"_blank\" rel=\"noopener\">activit\u00e9s sociales<\/a>, de m\u00eame que des renseignements utiles sur le <a href=\"https:\/\/site.pheedloop.com\/event\/CAUBO2026\/planyourvisit\/transportation\" target=\"_blank\" rel=\"noopener\">transport<\/a>, l\u2019<a href=\"https:\/\/site.pheedloop.com\/event\/CAUBO2026\/planyourvisit\/Accommodations\" target=\"_blank\" rel=\"noopener\">h\u00e9bergement<\/a> et les <a href=\"https:\/\/site.pheedloop.com\/event\/CAUBO2026\/planyourvisit\/tourism\" target=\"_blank\" rel=\"noopener\">activit\u00e9s touristiques<\/a>.<\/p>\n<p>Au plaisir de vous voir \u00e0 St.\u00a0John\u2019s du 15 au 17\u00a0juin prochains!<\/p>\n<\/div>\n<h3 id=\"squelch-taas-header-3\"><a href=\"#squelch-taas-accordion-shortcode-content-CAUBOLeaderApplication\" class=\"\">Programme CAUBO Leader : De la mi-octobre 2025 \u00e0 la mi-juin 2026<\/a><\/h3><div id=\"squelch-taas-accordion-shortcode-content-CAUBOLeaderApplication\" class=\"squelch-taas-accordion-shortcode-content squelch-taas-accordion-shortcode-content-3\">\n<p><em>Nous vous remercions de l\u2019int\u00e9r\u00eat que vous portez au programme CAUBO Leader. Les inscriptions pour notre premi\u00e8re cohorte\u00a0sont d\u00e9sormais ferm\u00e9es puisque nous avons atteint le nombre maximal de places disponibles.<\/em><\/p>\n<p><a href=\"mailto:events@caubo.ca\"><strong><em>Cliquez ici<\/em><\/strong><\/a><em>\u00a0pour ajouter d\u00e8s maintenant votre nom \u00e0 une liste d\u2019attente. Assurez-vous d\u2019y indiquer votre nom complet, votre titre, le nom de votre \u00e9tablissement et vos coordonn\u00e9es. Vous recevrez alors un courriel vous offrant une inscription prioritaire la prochaine fois que ce programme sera offert.<\/em><\/p>\n<hr \/>\n<p>Nous sommes heureux d\u2019annoncer que les candidatures sont d\u00e9sormais accept\u00e9es pour le <strong>programme <\/strong><em><strong>CAUBO Leader<\/strong><\/em>, une initiative de perfectionnement du leadership sp\u00e9cialement con\u00e7ue pour<strong> les administrateurs de niveau interm\u00e9diaire ou sup\u00e9rieur travaillant dans les principaux secteurs op\u00e9rationnels et administratifs des universit\u00e9s canadiennes.<\/strong><\/p>\n<p>Aujourd\u2019hui plus que jamais, il faut un leadership fort et collaboratif pour naviguer \u00e0 travers la complexit\u00e9 du secteur de l\u2019enseignement sup\u00e9rieur et les changements auxquels il fait face. Le programme <em>CAUBO Leader<\/em> vise \u00e0 donner aux participants les moyens de diriger avec d\u00e9termination, confiance et efficacit\u00e9, en les aidant \u00e0 apporter des changements positifs au sein de leur \u00e9tablissement.<\/p>\n<p>Pendant huit mois, ces derniers formeront un groupe dynamique et solidaire de pairs qui, par l\u2019apprentissage partag\u00e9, la r\u00e9flexion et l\u2019exploration pratique, renforceront leur talent de leader pour devenir plus confiants et polyvalents dans leur r\u00f4le.<\/p>\n<p><strong>Inscrivez-vous d\u00e8s maintenant pour prendre part \u00e0 une exp\u00e9rience transformatrice qui propulsera votre potentiel de leadership et contribuera \u00e0 faire progresser l\u2019enseignement sup\u00e9rieur au Canada.<\/strong><\/p>\n<p>Les personnes int\u00e9ress\u00e9es feront l\u2019objet d\u2019un processus de s\u00e9lection. <strong>Programme contingent\u00e9 \u00e0 20\u00a0places.<\/strong><\/p>\n<p><strong>Caract\u00e9ristiques<\/strong><\/p>\n<p>Ce programme de huit mois s\u2019articule autour d\u2019une s\u00e9rie de modules con\u00e7us pour enrichir l\u2019exp\u00e9rience des participants et aborder les dimensions cl\u00e9s du perfectionnement du leadership.<\/p>\n<p><strong>Modules de base<\/strong><\/p>\n<ul>\n<li><em>Le leadership en enseignement sup\u00e9rieur et ailleurs<\/em>\u00a0\u00a0: Examen des tendances mondiales, de leur incidence sur le milieu, et du contexte de leadership propre \u00e0 l\u2019enseignement sup\u00e9rieur.<\/li>\n<li><em>Le leader authentique et d\u00e9vou\u00e9<\/em>\u00a0: Exploration de la mani\u00e8re dont les leaders favorisent un dialogue constructif, exercent une influence et renforcent la conscience de soi.<\/li>\n<\/ul>\n<p><strong>Apprentissage en ligne et \u00e9changes entre pairs<\/strong><\/p>\n<ul>\n<li><em>Pistes de r\u00e9flexion\u00a0<\/em>: Les participants partagent des id\u00e9es et exp\u00e9riences personnelles de leadership.<\/li>\n<li><em>Groupes d\u2019influence strat\u00e9gique<\/em>\u00a0: De petits groupes discutent des difficult\u00e9s complexes auxquelles le milieu fait actuellement face.<\/li>\n<li><em>\u00c9changes sur le leadership\u00a0<\/em>: Les participants observent leurs pairs en personne ou en virtuel et discutent du leadership en pratique.<\/li>\n<li><em>Rencontres\u00a0<\/em>: Des s\u00e9ances entre les modules visent \u00e0 resserrer les liens entre les participants et \u00e0 renforcer la collaboration au sein des groupes d\u2019influence strat\u00e9gique.<\/li>\n<\/ul>\n<p><strong>Crit\u00e8res de s\u00e9lection des participants<\/strong><\/p>\n<ul>\n<li><strong>Exp\u00e9rience professionnelle et r\u00f4le<\/strong>\u00a0<strong>:<\/strong> Administrateurs de niveau interm\u00e9diaire ou sup\u00e9rieur (p.\u00a0ex.\u00a0vice-recteur adjoint, directeur principal, contr\u00f4leur) ayant des responsabilit\u00e9s importantes au sein de leur \u00e9tablissement dans les domaines op\u00e9rationnel ou administratif.<\/li>\n<li><strong>Motivation, int\u00e9r\u00eats particuliers et engagement\u00a0: <\/strong>Grande motivation personnelle, ouverture \u00e0 la r\u00e9flexion et au perfectionnement, et pleine disponibilit\u00e9 pour participer \u00e0 toutes les composantes du programme.<\/li>\n<li><strong>Contribution \u00e0 l\u2019apprentissage entre pairs\u00a0: <\/strong>Volont\u00e9 de s\u2019engager activement, de parler de son exp\u00e9rience et d\u2019apprendre des autres dans un environnement collaboratif et ax\u00e9 sur le travail d\u2019\u00e9quipe.<\/li>\n<li><strong>Diversit\u00e9 et inclusion\u00a0:<\/strong> Repr\u00e9sentation de divers r\u00f4les, r\u00e9gions, \u00e9tablissements et exp\u00e9riences v\u00e9cues afin d\u2019enrichir l\u2019apprentissage et de renforcer les capacit\u00e9s \u00e0 l\u2019\u00e9chelle du secteur.<\/li>\n<\/ul>\n<p><strong>Les personnes d\u00e9sirant participer au programme doivent joindre \u00e0 leur candidature une lettre de recommandation de leur sup\u00e9rieur.<\/strong><\/p>\n<p>Nous encourageons tous les membres admissibles de l\u2019ACPAU \u00e0 poser leur candidature et \u00e0 profiter de cette occasion unique de devenir un meilleur leader et d\u2019apporter une contribution significative \u00e0 leur \u00e9tablissement et au secteur.<\/p>\n<p>Consultez la page d\u2019inscription au <a href=\"https:\/\/www.caubo.ca\/fr\/knowledge-centre\/learningevents\/programme-caubo-leader\/\" target=\"_blank\" rel=\"noopener\">programme CAUBO Leader<\/a>\u00a0pour tous les d\u00e9tails et instructions.<\/p>\n<p><strong>Date limite :\u00a0<\/strong><span style=\"color: #233979;\"><strong>15\u00a0septembre\u00a02025<\/strong><\/span><\/p>\n<p>Pour toute question ou demande de pr\u00e9cisions, n\u2019h\u00e9sitez pas \u00e0 nous \u00e9crire \u00e0\u00a0<a href=\"mailto:evenements@acpau.ca\">evenements@acpau.ca<\/a>.<strong>\u00a0<\/strong><\/p>\n<\/div><\/div>\n\n<p>&nbsp;<\/p>\n<h1><strong><a name=\"OtherEventsofInterest\"><\/a>Autres activit\u00e9s d\u2019int\u00e9r\u00eat<\/strong><\/h1>\n<p>Ci-dessous se trouve une liste, r\u00e9guli\u00e8rement mise \u00e0 jour, d\u2019activit\u00e9s de perfectionnement professionnel qui sont offertes par d\u2019autres organisations et qui pourraient int\u00e9resser les membres de l\u2019ACPAU. Les \u00e9l\u00e9ments de cette liste sont soumis par les organisations h\u00f4tes et ne sont pas approuv\u00e9s par l\u2019ACPAU. Si vous organisez une activit\u00e9 qui aurait, selon vous, sa place dans notre liste, veuillez communiquer avec Kristine Serjak, Coordonnatrice du perfectionnement professionnel \u00e0 l\u2019adresse <a href=\"mailto:kserjak@caubo.ca\" target=\"_blank\" rel=\"noopener noreferrer\">kserjak@caubo.ca<\/a>.<\/p>\n<p>En vue d\u2019\u00e9largir les occasions de perfectionnement professionnel offertes \u00e0 ses membres, l\u2019ACPAU s\u2019est associ\u00e9e \u00e0 la NACUBO et \u00e0 sa section de l\u2019Est, l\u2019EACUBO, dans le cadre d\u2019une entente r\u00e9ciproque sur les prix des activit\u00e9s. Vous trouverez au <a href=\"https:\/\/www.nacubo.org\/\" target=\"_blank\" rel=\"noopener\"><strong>www.nacubo.org<\/strong> <\/a>et au <a href=\"https:\/\/www.eacubo.org\/\" target=\"_blank\" rel=\"noopener\">www.eacubo.org<\/a> une liste des activit\u00e9s propos\u00e9es prochainement par nos partenaires. Si vous voyez une activit\u00e9 ou un \u00e9v\u00e9nement qui vous int\u00e9resse, <a href=\"https:\/\/www.caubo.ca\/fr\/knowledge-centre\/learningevents\/ententes-reciproques-entre-lacpau-la-nacubo-et-leacubo\/\" target=\"_blank\" rel=\"noopener\">cliquez ici<\/a> pour obtenir de l\u2019information sur les codes de r\u00e9duction et l\u2019inscription.<\/p>\n<p>&nbsp;<\/p>\n<h1><strong><a name=\"AccreditationCredits\"><\/a>NOUVEL AVANTAGE POUR LES MEMBRES : obtenir des cr\u00e9dits de formation en suivant des s\u00e9ances de perfectionnement professionnel de l\u2019ACPAU<\/strong><\/h1>\n<p>Les membres qui participent aux activit\u00e9s de perfectionnement professionnel de l\u2019ACPAU peuvent maintenant en tirer des cr\u00e9dits de formation aupr\u00e8s de certains programmes de certification et de certaines associations professionnelles dans leurs domaines respectifs. L\u2019ACPAU collabore avec plusieurs organismes accr\u00e9diteurs qui la reconnaissent comme une organisation offrant des formations de perfectionnement professionnel admissibles \u00e0 leurs programmes.<\/p>\n<p><em><strong>Comment puis-je obtenir des cr\u00e9dits?<\/strong><\/em><\/p>\n<p>Il appartient \u00e0 chaque membre d\u2019\u00e9valuer si les activit\u00e9s de perfectionnement professionnel auxquelles il participe sont pertinentes pour son travail ou les exigences de formation qu\u2019il doit respecter. Dans l\u2019affirmative, vous devrez faire une demande directement aupr\u00e8s de l\u2019organisme d\u2019accr\u00e9ditation concern\u00e9 pour obtenir vos cr\u00e9dits. En g\u00e9n\u00e9ral, le re\u00e7u de paiement ou le courriel de confirmation envoy\u00e9 par l\u2019ACPAU peut servir de preuve d\u2019inscription. <strong>Veuillez communiquer directement avec l\u2019organisation concern\u00e9e pour savoir comment obtenir vos cr\u00e9dits.<\/strong><\/p>\n<div id=\"squelch-taas-accordion-1\" class=\"squelch-taas-accordion squelch-taas-override\" data-active=\"\" data-disabled=\"false\" data-autoheight=\"false\" data-collapsible=\"true\"><h3 id=\"squelch-taas-header-4\"><a href=\"#squelch-taas-accordion-shortcode-content-AccreditationCredits\" class=\"\">Quels sont les organismes d\u2019accr\u00e9ditation participants ?<\/a><\/h3><div id=\"squelch-taas-accordion-shortcode-content-AccreditationCredits\" class=\"squelch-taas-accordion-shortcode-content squelch-taas-accordion-shortcode-content-4\">\n<p>La liste des programmes et des organismes accr\u00e9diteurs pouvant d\u00e9livrer des cr\u00e9dits de formation continue pour les activit\u00e9s de perfectionnement professionnel de l\u2019ACPAU se trouve ci-dessous. Cette liste n\u2019est pas exhaustive; si vous connaissez d\u2019autres organisations et programmes qui pourraient y figurer, faites-le-nous savoir par courriel \u00e0 <a href=\"mailto:kserjak@acpau.ca\" target=\"_blank\" rel=\"noopener noreferrer\">kserjak@acpau.ca<\/a>.<\/p>\n<ul>\n<li>American Society of Heating Refrigeration and Air-Conditioning Engineers\u00a0(ASHRAE)<\/li>\n<li>Association canadienne de la paie<\/li>\n<li>Association des examinateurs certifi\u00e9s de fraude<\/li>\n<li>Association de la gestion de la cha\u00eene d\u2019approvisionnement<\/li>\n<li>Association of Physical Plant Administrators\u00a0(APPA)<\/li>\n<li>Associ\u00e9 \u00e9cologique LEED\/PA LEED<\/li>\n<li>Board of Certified Safety Professionals<\/li>\n<li>Canada\u2019s Association of I.T. Professionals\u00a0(CIPS)<\/li>\n<li>Cha\u00eene d\u2019approvisionnement Canada<\/li>\n<li>CIM Chartered Managers Canada<\/li>\n<li>Conseil canadien des professionnels en s\u00e9curit\u00e9 agr\u00e9\u00e9s\u00a0(CCPSA)<\/li>\n<li>Conseillers en ressources humaines agr\u00e9\u00e9s Canada\u00a0(CRHA)<\/li>\n<li>CFA Institute<\/li>\n<li>CPA Canada<\/li>\n<li>Institut canadien du trafic et du transport\u00a0(ICTT)<\/li>\n<li>Institut des auditeurs internes du Canada<\/li>\n<li>ISACA<\/li>\n<li>Institute for Supply Management (\u00c9tats-Unis)<\/li>\n<li>National Institute of Government Procurement\u00a0(NIGP)<\/li>\n<li>Ontario Public Buyers Association\u00a0(OPBA)<\/li>\n<li>Risk and Insurance Management Society, Inc.\u00a0(RIMS)<\/li>\n<\/ul>\n<\/div><\/div>\n\n<p>Si vous avez des questions sur cette initiative d\u2019accr\u00e9ditation, veuillez communiquer avec Kristine Serjak \u00e0 l\u2019adresse <a href=\"mailto:evenements@acpau.ca\" target=\"_blank\" rel=\"noopener noreferrer\">evenements@acpau.ca<\/a>.<\/p>\n","protected":false},"excerpt":{"rendered":"<p>L&#8217;ACPAU offre \u00e0 ses membres un large \u00e9ventail d&#8217;activit\u00e9s de perfectionnement professionnel et de formation continue, notamment un congr\u00e8s annuel, formations en ligne, la s\u00e9rie \u00ab Parlons tendances \u00bb, des ateliers et des webinaires. Nous offrons \u00e9galement en ligne la version int\u00e9grale de notre Guide des communications en contexte universitaire. Cliquez ici pour consulter la &hellip; <a href=\"https:\/\/www.caubo.ca\/fr\/knowledge-centre\/learningevents\/\" class=\"more-link\">Continue reading<span class=\"screen-reader-text\"> &#8220;Formations, \u00e9v\u00e9nements et perfectionnement professionnel&#8221;<\/span><\/a><\/p>\n","protected":false},"author":1,"featured_media":0,"parent":111,"menu_order":3,"comment_status":"closed","ping_status":"closed","template":"","meta":{"_acf_changed":false,"footnotes":""},"tags":[],"class_list":["post-187","page","type-page","status-publish","hentry"],"acf":[],"_links":{"self":[{"href":"https:\/\/www.caubo.ca\/fr\/wp-json\/wp\/v2\/pages\/187","targetHints":{"allow":["GET"]}}],"collection":[{"href":"https:\/\/www.caubo.ca\/fr\/wp-json\/wp\/v2\/pages"}],"about":[{"href":"https:\/\/www.caubo.ca\/fr\/wp-json\/wp\/v2\/types\/page"}],"author":[{"embeddable":true,"href":"https:\/\/www.caubo.ca\/fr\/wp-json\/wp\/v2\/users\/1"}],"replies":[{"embeddable":true,"href":"https:\/\/www.caubo.ca\/fr\/wp-json\/wp\/v2\/comments?post=187"}],"version-history":[{"count":0,"href":"https:\/\/www.caubo.ca\/fr\/wp-json\/wp\/v2\/pages\/187\/revisions"}],"up":[{"embeddable":true,"href":"https:\/\/www.caubo.ca\/fr\/wp-json\/wp\/v2\/pages\/111"}],"wp:attachment":[{"href":"https:\/\/www.caubo.ca\/fr\/wp-json\/wp\/v2\/media?parent=187"}],"wp:term":[{"taxonomy":"post_tag","embeddable":true,"href":"https:\/\/www.caubo.ca\/fr\/wp-json\/wp\/v2\/tags?post=187"}],"curies":[{"name":"wp","href":"https:\/\/api.w.org\/{rel}","templated":true}]}}